{"id":22,"date":"2017-01-09T15:06:07","date_gmt":"2017-01-09T15:06:07","guid":{"rendered":"http:\/\/vielharmonie-seeshaupt.de\/?page_id=22"},"modified":"2026-02-23T21:19:40","modified_gmt":"2026-02-23T20:19:40","slug":"termine","status":"publish","type":"page","link":"https:\/\/vielharmonie-seeshaupt.de\/?page_id=22","title":{"rendered":"Termine"},"content":{"rendered":"<h2>\u00a0<\/h2>\n<h2><span style=\"color: #000000;\"><u>Unsere n\u00e4chsten \u00f6ffentlichen Auftritte:<\/u><\/span><\/h2>\n<h4>25 Jahre VielHarmonie am 09.05.2026 in der <span style=\"color: #000000;\">Pfarrkirche St. Michael, Seeshaupt<\/span><\/h4>\n<p>Beginn 19:00 Uhr &#8211; Einlass 18:30 Uhr &#8211; Eintritt frei &#8211; Spenden erbeten<\/p>\n<p><a href=\"https:\/\/vielharmonie-seeshaupt.de\/wp-content\/uploads\/2026\/02\/Plakat-25-Jahre.pdf\">Plakat 25 Jahre VielHarmonie<\/a><\/p>\n<p>&nbsp;<\/p>\n<hr \/>\n<h2><span style=\"color: #000000;\"><u>Unsere letzten Auftritte:<\/u><\/span><\/h2>\n<h5>Auftaktkonzert der KultUhrNacht am 25.10.2025 in der Christk\u00f6nigkirche, Penzberg<\/h5>\n<p>&#8211; Bericht folgt &#8211;<\/p>\n<p><img loading=\"lazy\" decoding=\"async\" class=\"alignnone size-large wp-image-195\" src=\"https:\/\/vielharmonie-seeshaupt.de\/wp-content\/uploads\/2026\/02\/IMG-20251026-WA0063-1024x461.jpg\" alt=\"\" width=\"1024\" height=\"461\" srcset=\"https:\/\/vielharmonie-seeshaupt.de\/wp-content\/uploads\/2026\/02\/IMG-20251026-WA0063-1024x461.jpg 1024w, https:\/\/vielharmonie-seeshaupt.de\/wp-content\/uploads\/2026\/02\/IMG-20251026-WA0063-300x135.jpg 300w, https:\/\/vielharmonie-seeshaupt.de\/wp-content\/uploads\/2026\/02\/IMG-20251026-WA0063-768x346.jpg 768w, https:\/\/vielharmonie-seeshaupt.de\/wp-content\/uploads\/2026\/02\/IMG-20251026-WA0063-1536x692.jpg 1536w, https:\/\/vielharmonie-seeshaupt.de\/wp-content\/uploads\/2026\/02\/IMG-20251026-WA0063-2048x922.jpg 2048w, https:\/\/vielharmonie-seeshaupt.de\/wp-content\/uploads\/2026\/02\/IMG-20251026-WA0063-1920x865.jpg 1920w\" sizes=\"auto, (max-width: 1024px) 100vw, 1024px\" \/><\/p>\n<h5>\u00a0<\/h5>\n<h5>Einstimmung auf Weihnachten am 22. Dezember 2024 (4. Advent) in der katholischen Kirche St. P\u00f6lten in Weilheim<\/h5>\n<p>Am 4. Adventssonntag stimmte der Seeshaupter Chor VielHarmonie auf Weihnachten ein. In der Weilheimer Kirche St. P\u00f6lten gaben die rund 40 Mitwirkenden weihnachtliche Lieder zum Besten. Untermalt von stimmungsvoller Beleuchtung wurde auf boarisch, deutsch und englisch, teils a capella, teils von Instrumenten begleitet, durch die Advents- bis Weihnachtszeit gef\u00fchrt.<\/p>\n<p><img loading=\"lazy\" decoding=\"async\" class=\"alignnone size-large wp-image-193\" src=\"https:\/\/vielharmonie-seeshaupt.de\/wp-content\/uploads\/2026\/02\/IMG-20241223-WA0032-1024x768.jpg\" alt=\"\" width=\"1024\" height=\"768\" srcset=\"https:\/\/vielharmonie-seeshaupt.de\/wp-content\/uploads\/2026\/02\/IMG-20241223-WA0032-1024x768.jpg 1024w, https:\/\/vielharmonie-seeshaupt.de\/wp-content\/uploads\/2026\/02\/IMG-20241223-WA0032-300x225.jpg 300w, https:\/\/vielharmonie-seeshaupt.de\/wp-content\/uploads\/2026\/02\/IMG-20241223-WA0032-768x576.jpg 768w, https:\/\/vielharmonie-seeshaupt.de\/wp-content\/uploads\/2026\/02\/IMG-20241223-WA0032-1536x1152.jpg 1536w, https:\/\/vielharmonie-seeshaupt.de\/wp-content\/uploads\/2026\/02\/IMG-20241223-WA0032-1440x1080.jpg 1440w, https:\/\/vielharmonie-seeshaupt.de\/wp-content\/uploads\/2026\/02\/IMG-20241223-WA0032.jpg 2048w\" sizes=\"auto, (max-width: 1024px) 100vw, 1024px\" \/><\/p>\n<p>Gegen Ende wurde \u201egetr\u00e4umt von wei\u00dfer Weihnacht\u201c \u2013 es wurde wahr. \u00dcberraschenderweise konnten die zahlreichen Zuh\u00f6rer tats\u00e4chlich durchs Schneegest\u00f6ber nach Hause gehen. Der Schlussapplaus endete in Standing Ovations, ein tolles Gef\u00fchl f\u00fcr alle Beteiligten. Ein weiterer Erfolg: die gro\u00dfz\u00fcgen Spenden ergaben einen Betrag von 2.000 Euro f\u00fcr die Weilheimer Tafel.<\/p>\n<p><img loading=\"lazy\" decoding=\"async\" class=\"alignnone size-large wp-image-194\" src=\"https:\/\/vielharmonie-seeshaupt.de\/wp-content\/uploads\/2026\/02\/DSC_4161-1024x683.jpg\" alt=\"\" width=\"1024\" height=\"683\" srcset=\"https:\/\/vielharmonie-seeshaupt.de\/wp-content\/uploads\/2026\/02\/DSC_4161-1024x683.jpg 1024w, https:\/\/vielharmonie-seeshaupt.de\/wp-content\/uploads\/2026\/02\/DSC_4161-300x200.jpg 300w, https:\/\/vielharmonie-seeshaupt.de\/wp-content\/uploads\/2026\/02\/DSC_4161-768x512.jpg 768w, https:\/\/vielharmonie-seeshaupt.de\/wp-content\/uploads\/2026\/02\/DSC_4161-1536x1024.jpg 1536w, https:\/\/vielharmonie-seeshaupt.de\/wp-content\/uploads\/2026\/02\/DSC_4161-2048x1365.jpg 2048w, https:\/\/vielharmonie-seeshaupt.de\/wp-content\/uploads\/2026\/02\/DSC_4161-1620x1080.jpg 1620w\" sizes=\"auto, (max-width: 1024px) 100vw, 1024px\" \/><\/p>\n<p>&nbsp;<\/p>\n<h5>Konzert am 21.10.2023 in der Seeresidenz Seeshaupt<\/h5>\n<p><strong>Stimmungsvoller Auftritt begeistert das Publikum<\/strong><\/p>\n<p>Seeresidenz \u2013 Nach f\u00fcnf Jahren gab es am 21.10.2023 endlich wieder ein Konzert der VielHarmonie. Mit viel Leidenschaft gab der Chor ausgew\u00e4hlte Lieder f\u00fcr Geist und Herz zum Besten. Unterst\u00fctzt von InstrumentalistInnen sorgten die insgesamt \u00fcber 40 Mitwirkenden, auch dank der gelungenen Lichtshow, f\u00fcr einen stimmungsvollen und grandiosen Abend. \u201eFrom now on\u201c und \u201eAufsteh&#8217;n, aufeinander zugehn&#8217;n\u201c machten den Auftakt. Zun\u00e4chst standen Lieder die den christlichen Glauben pr\u00e4sentieren im Vordergrund. Das \u201eVater unser\u201c auf die Melodie von \u201eHero\u201c gefolgt von der afrikanischen Variante \u201eBaba Yetu\u201c zeigte die Bandbreite des rhythmischen K\u00f6nnens. Es wurden unbekanntere Melodien bis hin zum weltbekannten \u201eHymn\u201c vorgetragen, das den ersten Teil beendete.<\/p>\n<p><img loading=\"lazy\" decoding=\"async\" class=\"alignnone size-large wp-image-177\" src=\"https:\/\/vielharmonie-seeshaupt.de\/wp-content\/uploads\/2024\/02\/20231021_190140-1024x768.jpg\" alt=\"\" width=\"1024\" height=\"768\" srcset=\"https:\/\/vielharmonie-seeshaupt.de\/wp-content\/uploads\/2024\/02\/20231021_190140-1024x768.jpg 1024w, https:\/\/vielharmonie-seeshaupt.de\/wp-content\/uploads\/2024\/02\/20231021_190140-300x225.jpg 300w, https:\/\/vielharmonie-seeshaupt.de\/wp-content\/uploads\/2024\/02\/20231021_190140-768x576.jpg 768w, https:\/\/vielharmonie-seeshaupt.de\/wp-content\/uploads\/2024\/02\/20231021_190140-1536x1152.jpg 1536w, https:\/\/vielharmonie-seeshaupt.de\/wp-content\/uploads\/2024\/02\/20231021_190140-2048x1536.jpg 2048w, https:\/\/vielharmonie-seeshaupt.de\/wp-content\/uploads\/2024\/02\/20231021_190140-1440x1080.jpg 1440w\" sizes=\"auto, (max-width: 1024px) 100vw, 1024px\" \/><br \/>Nach der Pause lud die Chorleiterin Anita He\u00df den voll besetzten Saal zum Kuscheln auf. Liebeslieder waren nun angesagt. \u201eEternal flame\u201c war eines der vielen neu einstudierten Arrangements. Mit viel Gef\u00fchl und Pr\u00e4zision schafften die MusikerInnen bei \u201eMach die Aug&#8217;n zua\u201c und \u201eWeit weit weg\u201c eine ganz besondere Atmosph\u00e4re. \u201eWeis&#8217;d a Herz hast wia a Bergwerk\u201c sollte die drei Zugaben eigentlich beenden. Das mitgerissene Publikum lie\u00df dies nicht zu, sodass das erste Lied, wenn nun auch ohne Mirkos f\u00fcr die Solisten, wiederholt wurde. Die investierte Zeit f\u00fcr Proben und Organisation waren also alle M\u00fche wert.<\/p>\n<p><img loading=\"lazy\" decoding=\"async\" class=\"alignnone size-large wp-image-176\" src=\"https:\/\/vielharmonie-seeshaupt.de\/wp-content\/uploads\/2024\/02\/20231021_191056-1024x739.jpg\" alt=\"\" width=\"1024\" height=\"739\" srcset=\"https:\/\/vielharmonie-seeshaupt.de\/wp-content\/uploads\/2024\/02\/20231021_191056-1024x739.jpg 1024w, https:\/\/vielharmonie-seeshaupt.de\/wp-content\/uploads\/2024\/02\/20231021_191056-300x217.jpg 300w, https:\/\/vielharmonie-seeshaupt.de\/wp-content\/uploads\/2024\/02\/20231021_191056-768x555.jpg 768w, https:\/\/vielharmonie-seeshaupt.de\/wp-content\/uploads\/2024\/02\/20231021_191056-1536x1109.jpg 1536w, https:\/\/vielharmonie-seeshaupt.de\/wp-content\/uploads\/2024\/02\/20231021_191056-2048x1479.jpg 2048w, https:\/\/vielharmonie-seeshaupt.de\/wp-content\/uploads\/2024\/02\/20231021_191056-1496x1080.jpg 1496w\" sizes=\"auto, (max-width: 1024px) 100vw, 1024px\" \/><br \/>Der Chor bedankt sich f\u00fcr die Unterst\u00fctzung durch die Seeresidenz, sowie ganz besonders bei allen SpenderInnen. Da alle Beteiligten ehrenamtlich und ohne Gage ihr K\u00f6nnen beitrugen, konnten schlussendlich 1.800 Euro an die \u201eGrenzenlose Kinderhilfe Penzberg\u201c \u00fcbergeben werden. Stellvertretend erl\u00e4uterte Herr Geistbeck in einigen S\u00e4tzen die Vorgehensweise des Vereins und die entsprechende Verwendung der Spenden. Dem Chor ist war es bei der Auswahl des Empf\u00e4ngers wichtig gewesen, dass dem ukrainischen Volk im eigenen Land vor Ort geholfen wird.<\/p>\n<p><em>Text: Anna He\u00df<\/em><\/p>\n<h5>\u00a0<\/h5>\n<h5><span style=\"color: #000000;\">Afrika-Konzert am 13.10.2018 in der Pfarrkirche St. Michael, Seeshaupt<\/span><\/h5>\n<p><strong>\u201eAfrika meets Seeshaupt\u201c \u2013 Chorgenuss pur<\/strong><\/p>\n<p><img loading=\"lazy\" decoding=\"async\" class=\"alignnone wp-image-103 size-large\" src=\"https:\/\/vielharmonie-seeshaupt.de\/wp-content\/uploads\/2018\/11\/DSC00063-1024x683.jpg\" alt=\"\" width=\"550\" height=\"367\" srcset=\"https:\/\/vielharmonie-seeshaupt.de\/wp-content\/uploads\/2018\/11\/DSC00063-1024x683.jpg 1024w, https:\/\/vielharmonie-seeshaupt.de\/wp-content\/uploads\/2018\/11\/DSC00063-300x200.jpg 300w, https:\/\/vielharmonie-seeshaupt.de\/wp-content\/uploads\/2018\/11\/DSC00063-768x512.jpg 768w\" sizes=\"auto, (max-width: 550px) 100vw, 550px\" \/><\/p>\n<p>Von afrikanischen Rhythmen lie\u00dfen sich die Zuh\u00f6rer am 13.Oktober in der St. Michael Kirche Seeshaupt entf\u00fchren.<br \/>Instrumental eingestimmt mit \u201eChariots of Fire\u201c dem Wagen des Feuers, nahm der Chor das Publikum mit \u201eSia hamba\u201c (marching in the light of god), auf eine musikalische Reise durch Afrika: das \u201eVater unser\u201c auf Zulu \u201eBaba Yetu\u201c hatte f\u00fcr Chor und Kirche Premiere. Mal a cappella mal unterst\u00fctzt durch Instrumentalisten zeigte die VielHarmonie Vielseitigkeit und Stimmgewalt.<br \/>Zum H\u00f6hepunkt des ersten Konzertteils, f\u00fchrten die S\u00e4nger per K\u00f6rper-Percussion ein kurzes Sommergewitter herbei \u201eand blessed the rain down in Africa\u201c.<br \/><img loading=\"lazy\" decoding=\"async\" class=\"alignnone size-large wp-image-104\" src=\"https:\/\/vielharmonie-seeshaupt.de\/wp-content\/uploads\/2018\/11\/DSC00079-683x1024.jpg\" alt=\"\" width=\"550\" height=\"825\" srcset=\"https:\/\/vielharmonie-seeshaupt.de\/wp-content\/uploads\/2018\/11\/DSC00079-683x1024.jpg 683w, https:\/\/vielharmonie-seeshaupt.de\/wp-content\/uploads\/2018\/11\/DSC00079-200x300.jpg 200w, https:\/\/vielharmonie-seeshaupt.de\/wp-content\/uploads\/2018\/11\/DSC00079-768x1152.jpg 768w\" sizes=\"auto, (max-width: 550px) 100vw, 550px\" \/><\/p>\n<p>Nicht nur musikalisch, auch freundschaftlich verbunden ist die VielHarmonie mit Afrika, genauer gesagt Kenia. Dort unterst\u00fctzt der Chor seit einigen Jahren eine M\u00e4dchenschule in Balesa (ca. 70 km von der \u00e4thiopischen Grenze). Dass M\u00e4dchen in die Schule gehen und die selben Chancen bekommen wie Jungs, ist dort nicht selbstverst\u00e4ndlich. Den Kontakt zur Pfarrei vor Ort \u2013 Pfarrer Hubert M\u00f6\u00dfmer (ehem. Weilheim) \u2013 h\u00e4lt und pflegt eine S\u00e4ngerin der VielHarmonie. Regelm\u00e4\u00dfig ist Sie vor Ort, informiert sich was angeschafft werden konnte und was fehlt. W\u00e4hrend der diesj\u00e4hrigen Trockenzeit haben die Einheimischen viele Tiere verloren, deshalb werden mehr Kinder in die Schule geschickt, da sie nicht zum H\u00fcten ben\u00f6tigt werden. Mehr Schulmaterial muss angeschafft werden, die M\u00e4dchen w\u00fcnschen sich einen Schrank.<br \/>F\u00fcr die Mitwirkenden war es deshalb eine gro\u00dfe Freude, dass am Ende des Konzertes dann \u2013 incl. einer gro\u00dfz\u00fcgigen privaten Spende \u2013 eine stolze Summe von 2.400,00 \u20ac zusammen kam. Noch diesen November wird das Geld in Kenia \u00fcbergeben.<\/p>\n<p><img loading=\"lazy\" decoding=\"async\" class=\"alignnone size-large wp-image-108\" src=\"https:\/\/vielharmonie-seeshaupt.de\/wp-content\/uploads\/2018\/11\/P1040698-1024x831.jpg\" alt=\"\" width=\"550\" height=\"446\" srcset=\"https:\/\/vielharmonie-seeshaupt.de\/wp-content\/uploads\/2018\/11\/P1040698-1024x831.jpg 1024w, https:\/\/vielharmonie-seeshaupt.de\/wp-content\/uploads\/2018\/11\/P1040698-300x244.jpg 300w, https:\/\/vielharmonie-seeshaupt.de\/wp-content\/uploads\/2018\/11\/P1040698-768x623.jpg 768w\" sizes=\"auto, (max-width: 550px) 100vw, 550px\" \/><br \/>Zum Ausklang des Abends war die musikalische Reise noch nicht zu Ende, es gab Klassisches von Mozart, Bewegendes vom Volks-Rock`n Roller und \u201eH\u00e4ppchen\u201c aus Pop und dem Musical \u201eSister Act\u201c. Es gelang der VielHarmonie einen bunten Bogen \u00fcber alle Genres hinweg zu spannen, die Zuschauer lauschten aufmerksam, wippten mit und applaudierten immer wieder w\u00e4hrend der Lieder.<br \/>Die Zugabe \u201eAfrica\u201c von Toto als Dank an das begeisterte Publikum, schloss den \u201e Circle of Life\u201c. \u201eAsante sana\u201c (Vielen Dank!)<\/p>\n<p><img loading=\"lazy\" decoding=\"async\" class=\"alignnone size-large wp-image-105\" src=\"https:\/\/vielharmonie-seeshaupt.de\/wp-content\/uploads\/2018\/11\/DSC00108-1024x683.jpg\" alt=\"\" width=\"550\" height=\"367\" srcset=\"https:\/\/vielharmonie-seeshaupt.de\/wp-content\/uploads\/2018\/11\/DSC00108-1024x683.jpg 1024w, https:\/\/vielharmonie-seeshaupt.de\/wp-content\/uploads\/2018\/11\/DSC00108-300x200.jpg 300w, https:\/\/vielharmonie-seeshaupt.de\/wp-content\/uploads\/2018\/11\/DSC00108-768x512.jpg 768w\" sizes=\"auto, (max-width: 550px) 100vw, 550px\" \/><\/p>\n<p><em>Martina Demmel f\u00fcr die VielHarmonie<\/em><\/p>\n<hr \/>\n<h5><span style=\"color: #000000;\">Auftritt der VielHarmonie in der &#8222;Langen Nacht der Stimmen&#8220; am 06.10.2018 in der Pfarrkirche Mariae Himmelfahrt, Weilheim<\/span><\/h5>\n<p>Am Samstag den 6. Oktober 2018 luden uns die <a href=\"http:\/\/www.spiritual-profanists.de\/\">Spiritual Profanists<\/a> ein, bei Ihrer &#8222;Langen Nacht der Stimmen&#8220; mitzuwirken. Die VielHarmonie Seeshaupt folgte dieser Einladung zusammen mit vielen anderen Ch\u00f6ren aus dem Umland.<\/p>\n<p>In der kurzen halben Stunde unseres Auftrittes konnten wir unsere F\u00e4higkeit &#8211; auch ohne Instrumente eine wunderbare Performance hinzulegen &#8211; unter Beweis stellen. Wir bedanken uns nochmals f\u00fcr die Einladung und freuen uns, dass wir so der Weilheimer Tafel einen Beitrag zukommen lassen konnten.<\/p>\n<hr \/>\n<h5><span style=\"color: #000000;\">Auftaktkonzert der KultUhrNacht am 28.10.2017 in der Christk\u00f6nigkirche, Penzberg<\/span><\/h5>\n<p>Am 28. Oktober 2017 gestalteten wir auf Einladung der Veranstalterin, den Auftakt der Penzberger KultUhrNacht 2017.<\/p>\n<p><img loading=\"lazy\" decoding=\"async\" class=\"alignnone wp-image-76\" src=\"https:\/\/vielharmonie-seeshaupt.de\/wp-content\/uploads\/2017\/01\/20171028_Kultuhrnacht_003.jpg\" alt=\"\" width=\"550\" height=\"367\" srcset=\"https:\/\/vielharmonie-seeshaupt.de\/wp-content\/uploads\/2017\/01\/20171028_Kultuhrnacht_003.jpg 1000w, https:\/\/vielharmonie-seeshaupt.de\/wp-content\/uploads\/2017\/01\/20171028_Kultuhrnacht_003-300x200.jpg 300w, https:\/\/vielharmonie-seeshaupt.de\/wp-content\/uploads\/2017\/01\/20171028_Kultuhrnacht_003-768x512.jpg 768w\" sizes=\"auto, (max-width: 550px) 100vw, 550px\" \/><\/p>\n<p>Die Christk\u00f6nig Kirche \u2013 lediglich mit Kerzen und Teelichtern erhellt \u2013 bot einen stimmungsvollen Rahmen. In Verbindung mit der chor-eigenen \u201eLightshow\u201c, entstand eine ganz besondere Atmosph\u00e4re die Publikum, S\u00e4nger und Instrumentalisten in ihren Bann zog.<\/p>\n<p><img loading=\"lazy\" decoding=\"async\" class=\"alignnone wp-image-77\" src=\"https:\/\/vielharmonie-seeshaupt.de\/wp-content\/uploads\/2017\/01\/20171028_Kultuhrnacht_001.jpg\" alt=\"\" width=\"550\" height=\"367\" srcset=\"https:\/\/vielharmonie-seeshaupt.de\/wp-content\/uploads\/2017\/01\/20171028_Kultuhrnacht_001.jpg 1000w, https:\/\/vielharmonie-seeshaupt.de\/wp-content\/uploads\/2017\/01\/20171028_Kultuhrnacht_001-300x200.jpg 300w, https:\/\/vielharmonie-seeshaupt.de\/wp-content\/uploads\/2017\/01\/20171028_Kultuhrnacht_001-768x512.jpg 768w\" sizes=\"auto, (max-width: 550px) 100vw, 550px\" \/><\/p>\n<p>Es ist f\u00fcr die VielHarmonie selbstverst\u00e4ndlich, mit ihren Auftritten immer auch soziales Engagement zu unterst\u00fctzen. So konnte sich die Organisatorin nach dem Konzert \u00fcber eine ansehnliche Spendensumme freuen, die an das Jugendhaus Don Bosco in Penzberg ging.<\/p>\n<p>Weitere Bilder unter: <a href=\"http:\/\/www.penzberger-kultuhrnacht.de\/rueckblick\/\">http:\/\/www.penzberger-kultuhrnacht.de\/rueckblick\/<\/a><\/p>\n<hr \/>\n<h5><span style=\"color: #000000;\">Chorkonzert am 01.04.2017 in der Pfarrkirche St. Michael, Seeshaupt<\/span><\/h5>\n<p><img loading=\"lazy\" decoding=\"async\" class=\"alignnone size-large wp-image-66\" src=\"https:\/\/vielharmonie-seeshaupt.de\/wp-content\/uploads\/2017\/01\/DSC09068-1024x683.jpg\" alt=\"\" width=\"550\" height=\"367\" srcset=\"https:\/\/vielharmonie-seeshaupt.de\/wp-content\/uploads\/2017\/01\/DSC09068-1024x683.jpg 1024w, https:\/\/vielharmonie-seeshaupt.de\/wp-content\/uploads\/2017\/01\/DSC09068-300x200.jpg 300w, https:\/\/vielharmonie-seeshaupt.de\/wp-content\/uploads\/2017\/01\/DSC09068-768x512.jpg 768w\" sizes=\"auto, (max-width: 550px) 100vw, 550px\" \/><\/p>\n<p>Zum Fr\u00fchjahrskonzert hatte die VielHarmonie Seeshaupt am 01. April 2017 in die Kirche St. Michael geladen.<\/p>\n<p>Ein abwechslungsreiches Programm von Gospel, Neugeistlichem, \u00fcber Film-Musik bis Pop sorgte f\u00fcr einen kurzweiligen Abend. H\u00f6hepunkt war der gemeinsame Auftritt mit dem Seeshaupter Kinderchor \u2013 hier pr\u00e4sentierten sich 28 kleine Nachwuchss\u00e4nger, die von Publikum und Chor gleicherma\u00dfen mit anhaltendem Applaus belohnt wurden.<\/p>\n<p>Am Ende durften sich die Ch\u00f6re \u00fcber ein mehr als gro\u00dfz\u00fcgig gef\u00fclltes \u201eSpendenk\u00f6rberl\u201c freuen \u2013 an dieser Stelle im Namen aller Mitwirkenden: <strong>Herzlichen Dank!<\/strong><\/p>\n<p><img loading=\"lazy\" decoding=\"async\" class=\"alignnone size-large wp-image-67\" src=\"https:\/\/vielharmonie-seeshaupt.de\/wp-content\/uploads\/2017\/01\/DSC09041-1024x683.jpg\" alt=\"\" width=\"550\" height=\"367\" srcset=\"https:\/\/vielharmonie-seeshaupt.de\/wp-content\/uploads\/2017\/01\/DSC09041-1024x683.jpg 1024w, https:\/\/vielharmonie-seeshaupt.de\/wp-content\/uploads\/2017\/01\/DSC09041-300x200.jpg 300w, https:\/\/vielharmonie-seeshaupt.de\/wp-content\/uploads\/2017\/01\/DSC09041-768x512.jpg 768w\" sizes=\"auto, (max-width: 550px) 100vw, 550px\" \/><\/p>\n<hr \/>\n<p><img loading=\"lazy\" decoding=\"async\" class=\"size-large wp-image-24 alignnone\" src=\"https:\/\/vielharmonie-seeshaupt.de\/wp-content\/uploads\/2017\/01\/2016-06-19-18.36.03-1024x768.jpg\" alt=\"\" width=\"550\" height=\"413\" srcset=\"https:\/\/vielharmonie-seeshaupt.de\/wp-content\/uploads\/2017\/01\/2016-06-19-18.36.03-1024x768.jpg 1024w, https:\/\/vielharmonie-seeshaupt.de\/wp-content\/uploads\/2017\/01\/2016-06-19-18.36.03-300x225.jpg 300w, https:\/\/vielharmonie-seeshaupt.de\/wp-content\/uploads\/2017\/01\/2016-06-19-18.36.03-768x576.jpg 768w\" sizes=\"auto, (max-width: 550px) 100vw, 550px\" \/><\/p>\n<h5><span style=\"color: #000000;\">Chorkonzert am 19.06.2016 in der St. Stephan-Kirche, M\u00fcnchen-Sendli<img loading=\"lazy\" decoding=\"async\" class=\"alignright wp-image-9 size-medium\" src=\"https:\/\/vielharmonie-seeshaupt.de\/wp-content\/uploads\/2017\/01\/logostephansingers3-300x125.jpg\" width=\"300\" height=\"125\" srcset=\"https:\/\/vielharmonie-seeshaupt.de\/wp-content\/uploads\/2017\/01\/logostephansingers3-300x125.jpg 300w, https:\/\/vielharmonie-seeshaupt.de\/wp-content\/uploads\/2017\/01\/logostephansingers3-768x321.jpg 768w, https:\/\/vielharmonie-seeshaupt.de\/wp-content\/uploads\/2017\/01\/logostephansingers3-1024x427.jpg 1024w, https:\/\/vielharmonie-seeshaupt.de\/wp-content\/uploads\/2017\/01\/logostephansingers3.jpg 1181w\" sizes=\"auto, (max-width: 300px) 100vw, 300px\" \/>ng<\/span><\/h5>\n<p>Am Sonntag, den 19. Juni 2016 folgte die <strong>VielHarmonie Seeshaupt <\/strong>einer Einladung der\u00a0<strong>\u00a0<a href=\"http:\/\/www.erzbistum-muenchen.de\/Pfarrei\/Page004473.aspx\">Stephan Singers<\/a> <\/strong>nach <strong>M\u00fcnchen<\/strong>.<\/p>\n<p>Nachdem der Chor der Kirchengemeinde St. Stephan\/M\u00fcnchen-Sendling, im Jahr 2014 unser Gast war, haben wir uns sehr \u00fcber die Gegeneinladung gefreut. Das Abendkonzert unter dem Motto: \u201eGospel &amp; More\u201c bot beiden Ch\u00f6ren die M\u00f6glichkeit das jeweilige Repertoire aus weltlichen und geistlichen Liedern zu pr\u00e4sentieren.<br \/>Ein tolles M\u00fcnchner Publikum belohnte die S\u00e4ngerinnen und S\u00e4nger mit viel Applaus.<\/p>\n<p>Und wir \u2013 die VielHarmonie \u2013 wurden in St. Stephan herzlich aufgenommen, kulinarisch verw\u00f6hnt, sogar eine eigene Garderobe war f\u00fcr uns vorbereitet. zuk\u00fcnftige, gemeinsame Projekte nicht ausgeschlossen\u2026<\/p>\n<hr \/>\n<p><img loading=\"lazy\" decoding=\"async\" class=\"wp-image-23 size-large alignnone\" src=\"https:\/\/vielharmonie-seeshaupt.de\/wp-content\/uploads\/2017\/01\/DSC00581-1024x683.jpg\" width=\"550\" height=\"367\" srcset=\"https:\/\/vielharmonie-seeshaupt.de\/wp-content\/uploads\/2017\/01\/DSC00581-1024x683.jpg 1024w, https:\/\/vielharmonie-seeshaupt.de\/wp-content\/uploads\/2017\/01\/DSC00581-300x200.jpg 300w, https:\/\/vielharmonie-seeshaupt.de\/wp-content\/uploads\/2017\/01\/DSC00581-768x512.jpg 768w, https:\/\/vielharmonie-seeshaupt.de\/wp-content\/uploads\/2017\/01\/DSC00581.jpg 1600w\" sizes=\"auto, (max-width: 550px) 100vw, 550px\" \/><\/p>\n<h5><span style=\"color: #000000;\">Chorkonzert am 15.11.2015 in der Pfarrkirche St. Michael, Seeshaupt<\/span><\/h5>\n<p><img loading=\"lazy\" decoding=\"async\" class=\"wp-image-25 size-large alignnone\" src=\"https:\/\/vielharmonie-seeshaupt.de\/wp-content\/uploads\/2017\/01\/DSC00603-1024x683.jpg\" width=\"550\" height=\"367\" srcset=\"https:\/\/vielharmonie-seeshaupt.de\/wp-content\/uploads\/2017\/01\/DSC00603-1024x683.jpg 1024w, https:\/\/vielharmonie-seeshaupt.de\/wp-content\/uploads\/2017\/01\/DSC00603-300x200.jpg 300w, https:\/\/vielharmonie-seeshaupt.de\/wp-content\/uploads\/2017\/01\/DSC00603-768x512.jpg 768w, https:\/\/vielharmonie-seeshaupt.de\/wp-content\/uploads\/2017\/01\/DSC00603.jpg 1600w\" sizes=\"auto, (max-width: 550px) 100vw, 550px\" \/><\/p>\n<p>Am 15. November 2015 hat die VielHarmonie Seeshaupt zum Konzertabend in die Kirche St. Michael geladen. Nachdem im vergangenen Jahr die Stephan Singers aus M\u00fcnchen zu Gast waren, konnten dieses Jahr die <a href=\"http:\/\/www.spiritual-profanists.de\/index.htm\">Spiritual Profanists aus Weilheim<\/a>\u00a0 f\u00fcr einen gemeinsamen Auftritt gewonnen werden.<img loading=\"lazy\" decoding=\"async\" class=\" wp-image-11 alignright\" src=\"https:\/\/vielharmonie-seeshaupt.de\/wp-content\/uploads\/2017\/01\/Spiritual-Profanists-Weilheim-220x300.jpg\" alt=\"\" width=\"173\" height=\"236\" srcset=\"https:\/\/vielharmonie-seeshaupt.de\/wp-content\/uploads\/2017\/01\/Spiritual-Profanists-Weilheim-220x300.jpg 220w, https:\/\/vielharmonie-seeshaupt.de\/wp-content\/uploads\/2017\/01\/Spiritual-Profanists-Weilheim.jpg 647w\" sizes=\"auto, (max-width: 173px) 100vw, 173px\" \/><\/p>\n<p>Traditionell \u00fcbernahmen &#8211; nach einem gemeinsamen Er\u00f6ffnungslied &#8211; die G\u00e4ste den ersten Teil des Abends. Die 12 S\u00e4ngerinnen und S\u00e4nger erstaunten mit zarten, beschwingten Songs bis hin zu rockigen, mitrei\u00dfenden Liedern. Von &#8222;Lullaby&#8220; bis &#8222;Gimme some o`lovin&#8220;.<\/p>\n<p><img loading=\"lazy\" decoding=\"async\" class=\"wp-image-27 size-large alignnone\" src=\"https:\/\/vielharmonie-seeshaupt.de\/wp-content\/uploads\/2017\/01\/DSC00587-1024x683.jpg\" width=\"550\" height=\"367\" srcset=\"https:\/\/vielharmonie-seeshaupt.de\/wp-content\/uploads\/2017\/01\/DSC00587-1024x683.jpg 1024w, https:\/\/vielharmonie-seeshaupt.de\/wp-content\/uploads\/2017\/01\/DSC00587-300x200.jpg 300w, https:\/\/vielharmonie-seeshaupt.de\/wp-content\/uploads\/2017\/01\/DSC00587-768x512.jpg 768w, https:\/\/vielharmonie-seeshaupt.de\/wp-content\/uploads\/2017\/01\/DSC00587.jpg 1600w\" sizes=\"auto, (max-width: 550px) 100vw, 550px\" \/><\/p>\n<p>Danach folgte die VielHarmonie zusammen mit Ihren Instrumentalisten. Auch hier gab es vom neugeistlichen Liedgut in deutsch und englisch, von laut bis leise, von Pop (What a feeling), \u00fcber das \u201eBergwerk\u201c von Reinhard Fendrich und einem abschlie\u00dfenden irischen Segen die ganze Bandbreite des Repertoires <img loading=\"lazy\" decoding=\"async\" class=\"alignright wp-image-26\" src=\"https:\/\/vielharmonie-seeshaupt.de\/wp-content\/uploads\/2017\/01\/DSC00606-683x1024.jpg\" width=\"350\" height=\"525\" srcset=\"https:\/\/vielharmonie-seeshaupt.de\/wp-content\/uploads\/2017\/01\/DSC00606-683x1024.jpg 683w, https:\/\/vielharmonie-seeshaupt.de\/wp-content\/uploads\/2017\/01\/DSC00606-200x300.jpg 200w, https:\/\/vielharmonie-seeshaupt.de\/wp-content\/uploads\/2017\/01\/DSC00606-768x1152.jpg 768w, https:\/\/vielharmonie-seeshaupt.de\/wp-content\/uploads\/2017\/01\/DSC00606.jpg 1067w\" sizes=\"auto, (max-width: 350px) 100vw, 350px\" \/>zu h\u00f6ren.<\/p>\n<p>In der besonderen Atmosph\u00e4re und Akustik der Kirche bereiteten beide Ch\u00f6re den Zuh\u00f6rern einen abwechslungsreichen Abend. Umrahmt von einer &#8211; auf das Liedgut \u2013 abgestimmten Beleuchtung.<\/p>\n<p>Nach einem gemeinsamen Abschlusslied wurden dann alle Besucher auf einen sicheren Heimweg mit \u201eGoodnight sweethart\u201c verabschiedet.<\/p>\n<p>Die zahlreichen Zuh\u00f6rer genossen einen abwechslungsreichen Abend und zeigten sich gro\u00dfz\u00fcgig \u2013 sowohl an Beifall als auch an Spendenbereitschaft:<\/p>\n<p>Am Ende konnten sich beide Ch\u00f6re \u00fcber eine 3stellige Spendensumme freuen, von denen direkt 500 \u20ac auf das Konto der Gemeinde Seeshaupt \u00fcberwiesen wurden. Zweckgebunden wird dieses Geld f\u00fcr die Fl\u00fcchtlingshilfe in Seeshaupt eingesetzt.<\/p>\n<p><strong>Alle S\u00e4ngerinnen, S\u00e4nger und Instrumentalisten m\u00f6chten sich an dieser Stelle nochmals ganz herzlich bei den Zuh\u00f6rern bedanken!<\/strong><\/p>\n<hr \/>\n<p><img loading=\"lazy\" decoding=\"async\" class=\"size-large wp-image-30 alignnone\" src=\"https:\/\/vielharmonie-seeshaupt.de\/wp-content\/uploads\/2017\/01\/P1020604-1024x683.jpg\" alt=\"\" width=\"550\" height=\"367\" srcset=\"https:\/\/vielharmonie-seeshaupt.de\/wp-content\/uploads\/2017\/01\/P1020604-1024x683.jpg 1024w, https:\/\/vielharmonie-seeshaupt.de\/wp-content\/uploads\/2017\/01\/P1020604-300x200.jpg 300w, https:\/\/vielharmonie-seeshaupt.de\/wp-content\/uploads\/2017\/01\/P1020604-768x513.jpg 768w\" sizes=\"auto, (max-width: 550px) 100vw, 550px\" \/><\/p>\n<h5><span style=\"color: #000000;\"><strong>Chorkonzert am 16.11.2014 in der Seeresidenz Alte Post, Seeshaupt<\/strong><\/span><\/h5>\n<p>Am 16. November 2014 lud die VielHarmonie zusammen mit den Stephan Singers zum gemeinsamen Chorkonzert im gro\u00dfen Saal der Seeresidenz Alte Post in Seeshaupt ein.<\/p>\n<p><img loading=\"lazy\" decoding=\"async\" class=\"size-large wp-image-31 alignnone\" src=\"https:\/\/vielharmonie-seeshaupt.de\/wp-content\/uploads\/2017\/01\/P1020607-1024x683.jpg\" alt=\"\" width=\"550\" height=\"367\" srcset=\"https:\/\/vielharmonie-seeshaupt.de\/wp-content\/uploads\/2017\/01\/P1020607-1024x683.jpg 1024w, https:\/\/vielharmonie-seeshaupt.de\/wp-content\/uploads\/2017\/01\/P1020607-300x200.jpg 300w, https:\/\/vielharmonie-seeshaupt.de\/wp-content\/uploads\/2017\/01\/P1020607-768x513.jpg 768w\" sizes=\"auto, (max-width: 550px) 100vw, 550px\" \/><\/p>\n<p>Wir bedanken uns bei den <a href=\"http:\/\/www.erzbistum-muenchen.de\/Pfarrei\/Page004473.aspx\">Stephan Singers aus M\u00fcnchen<\/a>, die den weiten Weg in den S\u00fcden des Starnberger Sees auf sich genommen haben und unser Konzert zu einer ganz besonderen Veranstaltung gemacht haben.<img loading=\"lazy\" decoding=\"async\" class=\"size-medium wp-image-9 alignright\" src=\"https:\/\/vielharmonie-seeshaupt.de\/wp-content\/uploads\/2017\/01\/logostephansingers3-300x125.jpg\" alt=\"\" width=\"300\" height=\"125\" srcset=\"https:\/\/vielharmonie-seeshaupt.de\/wp-content\/uploads\/2017\/01\/logostephansingers3-300x125.jpg 300w, https:\/\/vielharmonie-seeshaupt.de\/wp-content\/uploads\/2017\/01\/logostephansingers3-768x321.jpg 768w, https:\/\/vielharmonie-seeshaupt.de\/wp-content\/uploads\/2017\/01\/logostephansingers3-1024x427.jpg 1024w, https:\/\/vielharmonie-seeshaupt.de\/wp-content\/uploads\/2017\/01\/logostephansingers3.jpg 1181w\" sizes=\"auto, (max-width: 300px) 100vw, 300px\" \/><\/p>\n<p>Desweiteren bedanken wir uns auch bei allen Zuh\u00f6rern, die uns auf unbeschreibliche Weise unterst\u00fctzt haben. Leider waren die Anzahl der Sitzpl\u00e4tze begrenzt, sodass viele unsere Auff\u00fchrung nicht miterleben konnten. Hierf\u00fcr wollen wir uns herzlich entschuldigen!<\/p>\n<hr \/>\n<p><img loading=\"lazy\" decoding=\"async\" class=\"wp-image-15 size-large alignnone\" src=\"https:\/\/vielharmonie-seeshaupt.de\/wp-content\/uploads\/2017\/01\/DSC04653-1024x685.jpg\" width=\"550\" height=\"368\" srcset=\"https:\/\/vielharmonie-seeshaupt.de\/wp-content\/uploads\/2017\/01\/DSC04653-1024x685.jpg 1024w, https:\/\/vielharmonie-seeshaupt.de\/wp-content\/uploads\/2017\/01\/DSC04653-300x201.jpg 300w, https:\/\/vielharmonie-seeshaupt.de\/wp-content\/uploads\/2017\/01\/DSC04653-768x514.jpg 768w\" sizes=\"auto, (max-width: 550px) 100vw, 550px\" \/><\/p>\n<p><img loading=\"lazy\" decoding=\"async\" class=\"size-large wp-image-14 alignnone\" src=\"https:\/\/vielharmonie-seeshaupt.de\/wp-content\/uploads\/2017\/01\/DSC04647-1024x406.jpg\" alt=\"\" width=\"550\" height=\"218\" srcset=\"https:\/\/vielharmonie-seeshaupt.de\/wp-content\/uploads\/2017\/01\/DSC04647-1024x406.jpg 1024w, https:\/\/vielharmonie-seeshaupt.de\/wp-content\/uploads\/2017\/01\/DSC04647-300x119.jpg 300w, https:\/\/vielharmonie-seeshaupt.de\/wp-content\/uploads\/2017\/01\/DSC04647-768x304.jpg 768w\" sizes=\"auto, (max-width: 550px) 100vw, 550px\" \/><\/p>\n<h5><span style=\"color: #000000;\">Chorkonzert im Oktober 2012 im Trachtenheim, Seeshaupt<\/span><\/h5>\n<hr \/>\n<p><img loading=\"lazy\" decoding=\"async\" class=\"wp-image-13 size-large alignnone\" src=\"https:\/\/vielharmonie-seeshaupt.de\/wp-content\/uploads\/2017\/01\/PICT0050-1024x681.jpg\" width=\"550\" height=\"366\" srcset=\"https:\/\/vielharmonie-seeshaupt.de\/wp-content\/uploads\/2017\/01\/PICT0050-1024x681.jpg 1024w, https:\/\/vielharmonie-seeshaupt.de\/wp-content\/uploads\/2017\/01\/PICT0050-300x199.jpg 300w, https:\/\/vielharmonie-seeshaupt.de\/wp-content\/uploads\/2017\/01\/PICT0050-768x511.jpg 768w\" sizes=\"auto, (max-width: 550px) 100vw, 550px\" \/><\/p>\n<h5><span style=\"color: #000000;\">10 Jahre VielHarmonie &#8211; Konzert im M\u00e4rz 2011 in der Pfarrkirche St. Michael, Seeshaupt<\/span><\/h5>\n<hr \/>\n<p><img loading=\"lazy\" decoding=\"async\" class=\"size-large wp-image-12 alignnone\" src=\"https:\/\/vielharmonie-seeshaupt.de\/wp-content\/uploads\/2017\/01\/DSC_0078-1024x681.jpg\" alt=\"\" width=\"550\" height=\"366\" srcset=\"https:\/\/vielharmonie-seeshaupt.de\/wp-content\/uploads\/2017\/01\/DSC_0078-1024x681.jpg 1024w, https:\/\/vielharmonie-seeshaupt.de\/wp-content\/uploads\/2017\/01\/DSC_0078-300x199.jpg 300w, https:\/\/vielharmonie-seeshaupt.de\/wp-content\/uploads\/2017\/01\/DSC_0078-768x511.jpg 768w\" sizes=\"auto, (max-width: 550px) 100vw, 550px\" \/><\/p>\n<h5><span style=\"color: #000000;\">Chorkonzert im April 2008 in der Seeresidenz Alte Post, Seeshaupt<\/span><\/h5>\n\n\n<p><\/p>\n","protected":false},"excerpt":{"rendered":"<p>\u00a0 Unsere n\u00e4chsten \u00f6ffentlichen Auftritte: 25 Jahre VielHarmonie am 09.05.2026 in der Pfarrkirche St. Michael, Seeshaupt Beginn 19:00 Uhr &#8211; Einlass 18:30 Uhr &#8211; Eintritt frei &#8211; Spenden erbeten Plakat 25 Jahre VielHarmonie &nbsp; Unsere letzten Auftritte: Auftaktkonzert der KultUhrNacht am 25.10.2025 in der Christk\u00f6nigkirche, Penzberg &#8211; Bericht folgt &#8211; \u00a0 Einstimmung auf Weihnachten am&hellip; <br \/> <a class=\"read-more\" href=\"https:\/\/vielharmonie-seeshaupt.de\/?page_id=22\">Weiterlesen<\/a><\/p>\n","protected":false},"author":1,"featured_media":0,"parent":0,"menu_order":2,"comment_status":"closed","ping_status":"closed","template":"","meta":{"footnotes":""},"class_list":["post-22","page","type-page","status-publish","hentry"],"_links":{"self":[{"href":"https:\/\/vielharmonie-seeshaupt.de\/index.php?rest_route=\/wp\/v2\/pages\/22","targetHints":{"allow":["GET"]}}],"collection":[{"href":"https:\/\/vielharmonie-seeshaupt.de\/index.php?rest_route=\/wp\/v2\/pages"}],"about":[{"href":"https:\/\/vielharmonie-seeshaupt.de\/index.php?rest_route=\/wp\/v2\/types\/page"}],"author":[{"embeddable":true,"href":"https:\/\/vielharmonie-seeshaupt.de\/index.php?rest_route=\/wp\/v2\/users\/1"}],"replies":[{"embeddable":true,"href":"https:\/\/vielharmonie-seeshaupt.de\/index.php?rest_route=%2Fwp%2Fv2%2Fcomments&post=22"}],"version-history":[{"count":42,"href":"https:\/\/vielharmonie-seeshaupt.de\/index.php?rest_route=\/wp\/v2\/pages\/22\/revisions"}],"predecessor-version":[{"id":199,"href":"https:\/\/vielharmonie-seeshaupt.de\/index.php?rest_route=\/wp\/v2\/pages\/22\/revisions\/199"}],"wp:attachment":[{"href":"https:\/\/vielharmonie-seeshaupt.de\/index.php?rest_route=%2Fwp%2Fv2%2Fmedia&parent=22"}],"curies":[{"name":"wp","href":"https:\/\/api.w.org\/{rel}","templated":true}]}}